{"id":9,"date":"2015-08-31T23:47:22","date_gmt":"2015-08-31T21:47:22","guid":{"rendered":"http:\/\/www.fabioformosa.it\/oss\/?page_id=9"},"modified":"2017-01-30T23:34:17","modified_gmt":"2017-01-30T22:34:17","slug":"sentenze-discriminazioni","status":"publish","type":"page","link":"http:\/\/www.osservatoriodiscriminazioni.org\/index.php\/sentenze-discriminazioni\/","title":{"rendered":"Sentenze sulle discriminazioni"},"content":{"rendered":"<h6>Archivio Sentenze<\/h6>\n<p>Sono presenti nell&#8217;archivio dell&#8217;osservatorio sentenze sulle discriminazioni di primo grado, di appello e cassazione.<br \/>\nRiempi il campo &#8220;ricerca&#8221; posizionato a destra con testo libero, per cercare una particolare sentenza o sentenze che trattano uno specifico argomento, .<\/p>\n<p>Se possiedi una sentenza di discriminazione\u00a0e vuoi contribuire ad arricchire l&#8217;archivio che l&#8217;osservatorio offre pubblicamente, scrivici alla sezione contatti. I dati personali delle parti sono oscurati da omissis.<\/p>\n<p>&nbsp;<\/p>\n<div class=\"pt-cv-wrapper\"><div class=\"pt-cv-view pt-cv-grid pt-cv-colsys\" id=\"pt-cv-view-0d79d55t2p\"><div data-id=\"pt-cv-page-1\" class=\"pt-cv-page\" data-cvc=\"1\"><div class=\"col-md-12 col-sm-6 col-xs-12 pt-cv-content-item pt-cv-1-col\" ><div class='pt-cv-ifield'><a href=\"http:\/\/www.osservatoriodiscriminazioni.org\/index.php\/2025\/03\/27\/discriminazione-di-genere-trattamento-differenziato-in-base-al-genere-nel-ruolo-di-ispettore-di-polizia-giudiziaria-corte-costituzionale-sentenza-19-novembre-2024\/\" class=\"_self pt-cv-href-thumbnail pt-cv-thumb-default\" target=\"_self\" ><img width=\"300\" height=\"200\" src=\"http:\/\/www.osservatoriodiscriminazioni.org\/wp-content\/uploads\/2025\/03\/pexels-kindelmedia-7714732-300x200.jpg\" class=\"pt-cv-thumbnail\" alt=\"Corte Costituzionale, sentenza 19 novembre 2024\" srcset=\"http:\/\/www.osservatoriodiscriminazioni.org\/wp-content\/uploads\/2025\/03\/pexels-kindelmedia-7714732-300x200.jpg 300w, http:\/\/www.osservatoriodiscriminazioni.org\/wp-content\/uploads\/2025\/03\/pexels-kindelmedia-7714732-1024x683.jpg 1024w, http:\/\/www.osservatoriodiscriminazioni.org\/wp-content\/uploads\/2025\/03\/pexels-kindelmedia-7714732-768x512.jpg 768w, http:\/\/www.osservatoriodiscriminazioni.org\/wp-content\/uploads\/2025\/03\/pexels-kindelmedia-7714732-1536x1024.jpg 1536w, http:\/\/www.osservatoriodiscriminazioni.org\/wp-content\/uploads\/2025\/03\/pexels-kindelmedia-7714732-2048x1365.jpg 2048w\" sizes=\"(max-width: 300px) 100vw, 300px\" \/><\/a>\n<h4 class=\"pt-cv-title\"><a href=\"http:\/\/www.osservatoriodiscriminazioni.org\/index.php\/2025\/03\/27\/discriminazione-di-genere-trattamento-differenziato-in-base-al-genere-nel-ruolo-di-ispettore-di-polizia-giudiziaria-corte-costituzionale-sentenza-19-novembre-2024\/\" class=\"_self\" target=\"_self\" >Discriminazione di genere, trattamento differenziato in base al genere nel ruolo di ispettore di polizia giudiziaria, Corte Costituzionale, sentenza 19 novembre 2024<\/a><\/h4>\n<div class=\"pt-cv-content\">REPUBBLICA ITALIANA IN NOME DEL POPOLO ITALIANO LA CORTE COSTITUZIONALE composta da: Presidente: Augusto Antonio BARBERA; Giudici : Giulio PROSPERETTI, Giovanni AMOROSO, Francesco VIGAN\u00d2, Luca ANTONINI, Stefano PETITTI, Angelo BUSCEMA, Emanuela NAVARRETTA, Maria Rosaria SAN GIORGIO, Filippo PATRONI GRIFFI, Marco D\u2019ALBERTI, Giovanni PITRUZZELLA, Antonella SCIARRONE ALIBRANDI, ha pronunciato la seguente SENTENZA nel giudizio di legittimit\u00e0 costituzionale dell\u2019art. 44, commi da 7 a 11, del decreto legislativo 29 maggio 2017, n ...<br \/><a href=\"http:\/\/www.osservatoriodiscriminazioni.org\/index.php\/2025\/03\/27\/discriminazione-di-genere-trattamento-differenziato-in-base-al-genere-nel-ruolo-di-ispettore-di-polizia-giudiziaria-corte-costituzionale-sentenza-19-novembre-2024\/\" class=\"_self pt-cv-readmore btn btn-success\" target=\"_self\">Leggi<\/a><\/div><\/div><\/div>\n<div class=\"col-md-12 col-sm-6 col-xs-12 pt-cv-content-item pt-cv-1-col\" ><div class='pt-cv-ifield'><a href=\"http:\/\/www.osservatoriodiscriminazioni.org\/index.php\/2025\/03\/12\/licenziamento-della-lavoratrice-madre-corte-di-cassazione-sentenza-18-novembre-2023\/\" class=\"_self pt-cv-href-thumbnail pt-cv-thumb-default\" target=\"_self\" ><img width=\"300\" height=\"200\" src=\"http:\/\/www.osservatoriodiscriminazioni.org\/wp-content\/uploads\/2025\/03\/pexels-karolina-grabowska-4959747-300x200.jpg\" class=\"pt-cv-thumbnail\" alt=\"Licenziamento della lavoratrice madre. La cessazione dell&#039;attivit\u00e0 \u00e8 l&#039;unica causale legittimante il recesso della lavoratrice nel primo anno di et\u00e0 del figlio\" srcset=\"http:\/\/www.osservatoriodiscriminazioni.org\/wp-content\/uploads\/2025\/03\/pexels-karolina-grabowska-4959747-300x200.jpg 300w, http:\/\/www.osservatoriodiscriminazioni.org\/wp-content\/uploads\/2025\/03\/pexels-karolina-grabowska-4959747-1024x683.jpg 1024w, http:\/\/www.osservatoriodiscriminazioni.org\/wp-content\/uploads\/2025\/03\/pexels-karolina-grabowska-4959747-768x512.jpg 768w, http:\/\/www.osservatoriodiscriminazioni.org\/wp-content\/uploads\/2025\/03\/pexels-karolina-grabowska-4959747-1536x1024.jpg 1536w, http:\/\/www.osservatoriodiscriminazioni.org\/wp-content\/uploads\/2025\/03\/pexels-karolina-grabowska-4959747-2048x1365.jpg 2048w\" sizes=\"(max-width: 300px) 100vw, 300px\" \/><\/a>\n<h4 class=\"pt-cv-title\"><a href=\"http:\/\/www.osservatoriodiscriminazioni.org\/index.php\/2025\/03\/12\/licenziamento-della-lavoratrice-madre-corte-di-cassazione-sentenza-18-novembre-2023\/\" class=\"_self\" target=\"_self\" >Licenziamento della lavoratrice madre, Corte di Cassazione, sentenza 18 novembre 2023<\/a><\/h4>\n<div class=\"pt-cv-content\">Composta dagli Ill.mi Sigg.ri Magistrati:Dott. ADRIANA DORONZO - Presidente -Dott. ROBERTO RIVERSO ConsigliereDott. CARLA PONTERIO ConsigliereDott. FRANCESCOPAOLO PANARIELLO - Consigliere -Dott. GUGLIELMO CINQUE - Rel. Consigliere -ha pronunciato la seguenteORDINANZAsul ricorso 400-2020 proposto da:............. , in persona dei Curatori pro tempore, elettivamente domiciliato in , presso lo studio dell'avvocato ...., che lorappresenta e difende; ricorrente - contro............ elettivamente domiciliata in , presso lo studio degli avvocati \u2014 controricorrente -avverso la ...<br \/><a href=\"http:\/\/www.osservatoriodiscriminazioni.org\/index.php\/2025\/03\/12\/licenziamento-della-lavoratrice-madre-corte-di-cassazione-sentenza-18-novembre-2023\/\" class=\"_self pt-cv-readmore btn btn-success\" target=\"_self\">Leggi<\/a><\/div><\/div><\/div>\n<div class=\"col-md-12 col-sm-6 col-xs-12 pt-cv-content-item pt-cv-1-col\" ><div class='pt-cv-ifield'><a href=\"http:\/\/www.osservatoriodiscriminazioni.org\/index.php\/2025\/02\/17\/discriminazione-disabilita-rifiuto-di-iscrizione-studiente-disabile-da-parte-di-una-scuola-tribunale-termini-imerese-ordinanza-del-23-luglio-2024\/\" class=\"_self pt-cv-href-thumbnail pt-cv-thumb-default\" target=\"_self\" ><img width=\"200\" height=\"300\" src=\"http:\/\/www.osservatoriodiscriminazioni.org\/wp-content\/uploads\/2025\/02\/pexels-didsss-2675061-200x300.jpg\" class=\"pt-cv-thumbnail\" alt=\"E&#039; discriminatorio il comportamento della scuola che rifiuta l&#039;iscrizione di uno studente con disabilit\u00e0 solo perch\u00e9 si \u00e8 superata la soglia di 10 studenti con disabilit\u00e0 per istituto\" srcset=\"http:\/\/www.osservatoriodiscriminazioni.org\/wp-content\/uploads\/2025\/02\/pexels-didsss-2675061-200x300.jpg 200w, http:\/\/www.osservatoriodiscriminazioni.org\/wp-content\/uploads\/2025\/02\/pexels-didsss-2675061-683x1024.jpg 683w, http:\/\/www.osservatoriodiscriminazioni.org\/wp-content\/uploads\/2025\/02\/pexels-didsss-2675061-768x1152.jpg 768w, http:\/\/www.osservatoriodiscriminazioni.org\/wp-content\/uploads\/2025\/02\/pexels-didsss-2675061-1024x1536.jpg 1024w, http:\/\/www.osservatoriodiscriminazioni.org\/wp-content\/uploads\/2025\/02\/pexels-didsss-2675061-1365x2048.jpg 1365w, http:\/\/www.osservatoriodiscriminazioni.org\/wp-content\/uploads\/2025\/02\/pexels-didsss-2675061-scaled.jpg 1707w\" sizes=\"(max-width: 200px) 100vw, 200px\" \/><\/a>\n<h4 class=\"pt-cv-title\"><a href=\"http:\/\/www.osservatoriodiscriminazioni.org\/index.php\/2025\/02\/17\/discriminazione-disabilita-rifiuto-di-iscrizione-studiente-disabile-da-parte-di-una-scuola-tribunale-termini-imerese-ordinanza-del-23-luglio-2024\/\" class=\"_self\" target=\"_self\" >Discriminazione disabilit\u00e0, rifiuto di iscrizione studiente disabile da parte di una scuola, Tribunale Termini Imerese, ordinanza del 23 luglio 2024<\/a><\/h4>\n<div class=\"pt-cv-content\">Tribunale Ordinario di Termini Imerese Sezione Civile Il Giudice, dott.ssa Rossana Musumeci, sciogliendo la riserva assunta all\u2019udienza del 19 luglio 2024, ha emesso la seguente ORDINANZA nel procedimento avente ad oggetto il ricorso ex artt. 3 L. n. 67\/2006 ed ex artt. 700 e 669 sexies comma 2 c.p.c. tra ________________________, nella qualit\u00e0 di genitori esercenti la responsabilit\u00e0 genitoriale nei confronti della figlia minore _____________, nata a Palermo in data ...<br \/><a href=\"http:\/\/www.osservatoriodiscriminazioni.org\/index.php\/2025\/02\/17\/discriminazione-disabilita-rifiuto-di-iscrizione-studiente-disabile-da-parte-di-una-scuola-tribunale-termini-imerese-ordinanza-del-23-luglio-2024\/\" class=\"_self pt-cv-readmore btn btn-success\" target=\"_self\">Leggi<\/a><\/div><\/div><\/div>\n<div class=\"col-md-12 col-sm-6 col-xs-12 pt-cv-content-item pt-cv-1-col\" ><div class='pt-cv-ifield'><a href=\"http:\/\/www.osservatoriodiscriminazioni.org\/index.php\/2025\/02\/07\/discriminazione-nella-progressione-economica-delle-lavoratric-part-time-corte-di-cassazione-ordinanza-9-gennaio-2025\/\" class=\"_self pt-cv-href-thumbnail pt-cv-thumb-default\" target=\"_self\" ><img width=\"222\" height=\"300\" src=\"http:\/\/www.osservatoriodiscriminazioni.org\/wp-content\/uploads\/2025\/02\/pexels-mikhail-nilov-6931338-222x300.jpg\" class=\"pt-cv-thumbnail\" alt=\"\" srcset=\"http:\/\/www.osservatoriodiscriminazioni.org\/wp-content\/uploads\/2025\/02\/pexels-mikhail-nilov-6931338-222x300.jpg 222w, http:\/\/www.osservatoriodiscriminazioni.org\/wp-content\/uploads\/2025\/02\/pexels-mikhail-nilov-6931338-758x1024.jpg 758w, http:\/\/www.osservatoriodiscriminazioni.org\/wp-content\/uploads\/2025\/02\/pexels-mikhail-nilov-6931338-768x1037.jpg 768w, http:\/\/www.osservatoriodiscriminazioni.org\/wp-content\/uploads\/2025\/02\/pexels-mikhail-nilov-6931338-1137x1536.jpg 1137w, http:\/\/www.osservatoriodiscriminazioni.org\/wp-content\/uploads\/2025\/02\/pexels-mikhail-nilov-6931338-1516x2048.jpg 1516w, http:\/\/www.osservatoriodiscriminazioni.org\/wp-content\/uploads\/2025\/02\/pexels-mikhail-nilov-6931338-scaled.jpg 1895w\" sizes=\"(max-width: 222px) 100vw, 222px\" \/><\/a>\n<h4 class=\"pt-cv-title\"><a href=\"http:\/\/www.osservatoriodiscriminazioni.org\/index.php\/2025\/02\/07\/discriminazione-nella-progressione-economica-delle-lavoratric-part-time-corte-di-cassazione-ordinanza-9-gennaio-2025\/\" class=\"_self\" target=\"_self\" >Discriminazione nella progressione economica delle lavoratrici part-time, Corte di Cassazione, ordinanza 9 gennaio 2025<\/a><\/h4>\n<div class=\"pt-cv-content\">Composta dagli Ill.mi Sigg.ri Magistrati:Dott. LUCIA TRIA - Presidente -Dott. CATERINA MAROTTA - Consigliere-Dott. ROBERTO BELLE\u2019 - Consigliere -Dott. SALVATORE CASCIARO -Rel. Consigliere -Dott. GUGLIELMO GARRI - Consigliere -ha pronunciato la seguente ORDINANZA sul ricorso 21245-2020 proposto da:AGENZIA DELLE ENTRATE, in persona del Direttore pro tempore, rappresentata e difesa ope legis dall'AVVOCATURA GENERALE DELLO STATO presso i cuiUffici domicilia in ROMA, alla VIA DEI PORTOGHESI 12; ricorrente - contro V ...<br \/><a href=\"http:\/\/www.osservatoriodiscriminazioni.org\/index.php\/2025\/02\/07\/discriminazione-nella-progressione-economica-delle-lavoratric-part-time-corte-di-cassazione-ordinanza-9-gennaio-2025\/\" class=\"_self pt-cv-readmore btn btn-success\" target=\"_self\">Leggi<\/a><\/div><\/div><\/div>\n<div class=\"col-md-12 col-sm-6 col-xs-12 pt-cv-content-item pt-cv-1-col\" ><div class='pt-cv-ifield'><a href=\"http:\/\/www.osservatoriodiscriminazioni.org\/index.php\/2024\/12\/14\/2126\/\" class=\"_self pt-cv-href-thumbnail pt-cv-thumb-default\" target=\"_self\" ><img width=\"300\" height=\"122\" src=\"http:\/\/www.osservatoriodiscriminazioni.org\/wp-content\/uploads\/2024\/12\/download-300x122.jpg\" class=\"pt-cv-thumbnail\" alt=\"assenza connessa all\u2019assistenza di un parente disabile e mancato premio di risultato discriminazione indiretta\" srcset=\"http:\/\/www.osservatoriodiscriminazioni.org\/wp-content\/uploads\/2024\/12\/download-300x122.jpg 300w, http:\/\/www.osservatoriodiscriminazioni.org\/wp-content\/uploads\/2024\/12\/download.jpg 353w\" sizes=\"(max-width: 300px) 100vw, 300px\" \/><\/a>\n<h4 class=\"pt-cv-title\"><a href=\"http:\/\/www.osservatoriodiscriminazioni.org\/index.php\/2024\/12\/14\/2126\/\" class=\"_self\" target=\"_self\" >assistenza parente disabile e mancato premio di risultato, discriminazione indiretta, Corte d\u2019Appello di Torino, sentenza del 14 giugno 2022<\/a><\/h4>\n<div class=\"pt-cv-content\">REPUBBLICA ITALIANA IN NOME DEL POPOLO ITALIANO LA CORTE D\u2019APPELLO DI TORINO SEZIONE LAVORO Composta da: Dott. Michele Milani Presidente Dott. Federico Grillo Pasquarelli Consigliere Dott. Maurizio Alzetta Consigliere Rel. ha pronunciato la seguente S E N T E N Z A nella causa di lavoro iscritta al n. 286\/2023 R.G.L. promossa da: , (c.f. ), (c.f. ), , (c.f. , (c.f. ) e (c.f. ) rappresentati e difesi, in ...<br \/><a href=\"http:\/\/www.osservatoriodiscriminazioni.org\/index.php\/2024\/12\/14\/2126\/\" class=\"_self pt-cv-readmore btn btn-success\" target=\"_self\">Leggi<\/a><\/div><\/div><\/div>\n<div class=\"col-md-12 col-sm-6 col-xs-12 pt-cv-content-item pt-cv-1-col\" ><div class='pt-cv-ifield'><a href=\"http:\/\/www.osservatoriodiscriminazioni.org\/index.php\/2024\/12\/05\/discriminazione-indiretta-disabilita-caregiver-familiare-corte-di-cassazione-ordinanza-del-20-maggio-2024\/\" class=\"_self pt-cv-href-thumbnail pt-cv-thumb-default\" target=\"_self\" ><img width=\"300\" height=\"200\" src=\"http:\/\/www.osservatoriodiscriminazioni.org\/wp-content\/uploads\/2024\/11\/pexels-shvets-production-8415495-300x200.jpg\" class=\"pt-cv-thumbnail\" alt=\"Costituisce licenziamento discriminatorio quello irrogato al dipendente che assiste un familiare disabile per i quali usufruisce dei permessi di cui alla legge 104\" srcset=\"http:\/\/www.osservatoriodiscriminazioni.org\/wp-content\/uploads\/2024\/11\/pexels-shvets-production-8415495-300x200.jpg 300w, http:\/\/www.osservatoriodiscriminazioni.org\/wp-content\/uploads\/2024\/11\/pexels-shvets-production-8415495-1024x683.jpg 1024w, http:\/\/www.osservatoriodiscriminazioni.org\/wp-content\/uploads\/2024\/11\/pexels-shvets-production-8415495-768x512.jpg 768w, http:\/\/www.osservatoriodiscriminazioni.org\/wp-content\/uploads\/2024\/11\/pexels-shvets-production-8415495-1536x1024.jpg 1536w, http:\/\/www.osservatoriodiscriminazioni.org\/wp-content\/uploads\/2024\/11\/pexels-shvets-production-8415495-2048x1365.jpg 2048w\" sizes=\"(max-width: 300px) 100vw, 300px\" \/><\/a>\n<h4 class=\"pt-cv-title\"><a href=\"http:\/\/www.osservatoriodiscriminazioni.org\/index.php\/2024\/12\/05\/discriminazione-indiretta-disabilita-caregiver-familiare-corte-di-cassazione-ordinanza-del-20-maggio-2024\/\" class=\"_self\" target=\"_self\" >Discriminazione indiretta disabilit\u00e0, caregiver familiare, Corte di Cassazione, ordinanza del 20 maggio 2024<\/a><\/h4>\n<div class=\"pt-cv-content\">REPUBBLICA ITALIANA LA CORTE SUPREMA DI CASSAZIONE SEZIONE LAVORO CIVILE Composta dagli Ill.mi Sigg.ri Magistrati: Dott. DORONZO Adriana - Presidente Dott. PANARIELLO Francescopaolo - Consigliere Dott. CASO Francesco Giuseppe Luigi - Rel. Consigliere Dott. MICHELINI Gualtiero - Consigliere Dott. BOGHETICH Elena - Consigliere ha pronunciato la seguente ORDINANZA sul ricorso 20559-2021 proposto da: Sa.Ag., elettivamente domiciliata in ROMA, VIA (...), presso lo studio dell'avvocato GI.SM., rappresentata e difesa dagli avvocati ...<br \/><a href=\"http:\/\/www.osservatoriodiscriminazioni.org\/index.php\/2024\/12\/05\/discriminazione-indiretta-disabilita-caregiver-familiare-corte-di-cassazione-ordinanza-del-20-maggio-2024\/\" class=\"_self pt-cv-readmore btn btn-success\" target=\"_self\">Leggi<\/a><\/div><\/div><\/div>\n<div class=\"col-md-12 col-sm-6 col-xs-12 pt-cv-content-item pt-cv-1-col\" ><div class='pt-cv-ifield'><a href=\"http:\/\/www.osservatoriodiscriminazioni.org\/index.php\/2024\/11\/14\/2116\/\" class=\"_self pt-cv-href-thumbnail pt-cv-thumb-default\" target=\"_self\" ><img width=\"300\" height=\"300\" src=\"http:\/\/www.osservatoriodiscriminazioni.org\/wp-content\/uploads\/2024\/11\/pexels-yankrukov-7640818-300x300.jpg\" class=\"pt-cv-thumbnail\" alt=\"\" srcset=\"http:\/\/www.osservatoriodiscriminazioni.org\/wp-content\/uploads\/2024\/11\/pexels-yankrukov-7640818-300x300.jpg 300w, http:\/\/www.osservatoriodiscriminazioni.org\/wp-content\/uploads\/2024\/11\/pexels-yankrukov-7640818-1024x1024.jpg 1024w, http:\/\/www.osservatoriodiscriminazioni.org\/wp-content\/uploads\/2024\/11\/pexels-yankrukov-7640818-150x150.jpg 150w, http:\/\/www.osservatoriodiscriminazioni.org\/wp-content\/uploads\/2024\/11\/pexels-yankrukov-7640818-768x768.jpg 768w, http:\/\/www.osservatoriodiscriminazioni.org\/wp-content\/uploads\/2024\/11\/pexels-yankrukov-7640818-1536x1536.jpg 1536w, http:\/\/www.osservatoriodiscriminazioni.org\/wp-content\/uploads\/2024\/11\/pexels-yankrukov-7640818-2048x2048.jpg 2048w, http:\/\/www.osservatoriodiscriminazioni.org\/wp-content\/uploads\/2024\/11\/pexels-yankrukov-7640818-45x45.jpg 45w\" sizes=\"(max-width: 300px) 100vw, 300px\" \/><\/a>\n<h4 class=\"pt-cv-title\"><a href=\"http:\/\/www.osservatoriodiscriminazioni.org\/index.php\/2024\/11\/14\/2116\/\" class=\"_self\" target=\"_self\" >Molestie, licenziamento, Corte di Cassazione, sentenza del 14 dicembre 2023<\/a><\/h4>\n<div class=\"pt-cv-content\">REPUBBLICA ITALIANA IN NOME DEL POPOLO ITALIANO LA CORTE SUPREMA DI CASSAZIONE SEZIONE LAVORO Composta dagli Ill.mi Sigg.ri Magistrati: Dott. TRIA Lucia - Presidente - Dott. PATTI Adriano Piergiovanni - rel. Consigliere - Dott. LEONE Margherita Maria - Consigliere - Dott. CASO Francesco G. L. - Consigliere - Dott. MICHELINI Gualtiero - Consigliere - ha pronunciato la seguente: SENTENZA sul ricorso 28362-2020 proposto da: A.A., domiciliato in ROMA, PIAZZA CAVOUR, ...<br \/><a href=\"http:\/\/www.osservatoriodiscriminazioni.org\/index.php\/2024\/11\/14\/2116\/\" class=\"_self pt-cv-readmore btn btn-success\" target=\"_self\">Leggi<\/a><\/div><\/div><\/div>\n<div class=\"col-md-12 col-sm-6 col-xs-12 pt-cv-content-item pt-cv-1-col\" ><div class='pt-cv-ifield'><a href=\"http:\/\/www.osservatoriodiscriminazioni.org\/index.php\/2024\/10\/28\/discriminazione-disabilita-applicazione-indifferenziata-del-periodo-di-comporto-alle-persone-con-disabilita-corte-di-cassazione-sentenza-del-2-maggio-2024\/\" class=\"_self pt-cv-href-thumbnail pt-cv-thumb-default\" target=\"_self\" ><img width=\"300\" height=\"234\" src=\"http:\/\/www.osservatoriodiscriminazioni.org\/wp-content\/uploads\/2024\/10\/pexels-olga-vunder-1562344-3038555-300x234.jpg\" class=\"pt-cv-thumbnail\" alt=\"Discriminazione disabilit\u00e0, applicazione indifferenziata del periodo di comportoalle persone con disabilit\u00e0, Corte di Cassazione, sentenza del 2 maggio 2024\" srcset=\"http:\/\/www.osservatoriodiscriminazioni.org\/wp-content\/uploads\/2024\/10\/pexels-olga-vunder-1562344-3038555-300x234.jpg 300w, http:\/\/www.osservatoriodiscriminazioni.org\/wp-content\/uploads\/2024\/10\/pexels-olga-vunder-1562344-3038555-1024x797.jpg 1024w, http:\/\/www.osservatoriodiscriminazioni.org\/wp-content\/uploads\/2024\/10\/pexels-olga-vunder-1562344-3038555-768x598.jpg 768w, http:\/\/www.osservatoriodiscriminazioni.org\/wp-content\/uploads\/2024\/10\/pexels-olga-vunder-1562344-3038555-1536x1196.jpg 1536w, http:\/\/www.osservatoriodiscriminazioni.org\/wp-content\/uploads\/2024\/10\/pexels-olga-vunder-1562344-3038555-2048x1594.jpg 2048w\" sizes=\"(max-width: 300px) 100vw, 300px\" \/><\/a>\n<h4 class=\"pt-cv-title\"><a href=\"http:\/\/www.osservatoriodiscriminazioni.org\/index.php\/2024\/10\/28\/discriminazione-disabilita-applicazione-indifferenziata-del-periodo-di-comporto-alle-persone-con-disabilita-corte-di-cassazione-sentenza-del-2-maggio-2024\/\" class=\"_self\" target=\"_self\" >Discriminazione disabilit\u00e0, applicazione indifferenziata del periodo di comporto alle persone con disabilit\u00e0, Corte di Cassazione, sentenza del 2 maggio 2024<\/a><\/h4>\n<div class=\"pt-cv-content\">REPUBBLICA ITALIANA LA CORTE SUPREMA DI CASSAZIONE SEZIONE LAVORO CIVILE Composta dagli Ill.mi Sigg.ri Magistrati: Dott. MANNA Antonio \u00e2\u20ac\u201c Presidente Dott. PATTI Adriano Piergiovanni - Rel. Consigliere Dott. PAGETTA Antonella - Consigliere Dott. PONTERIO Carla - Consigliere Dott. CINQUE Guglielmo- Consigliere ha pronunciato la seguente SENTENZA sul ricorso 1754-2022 proposto da: (...) Srl, in persona del Direttore Generale pro tempore, domiciliata in ROMA PIAZZA CAVOUR presso LA CANCELLERIA DELLA CORTE ...<br \/><a href=\"http:\/\/www.osservatoriodiscriminazioni.org\/index.php\/2024\/10\/28\/discriminazione-disabilita-applicazione-indifferenziata-del-periodo-di-comporto-alle-persone-con-disabilita-corte-di-cassazione-sentenza-del-2-maggio-2024\/\" class=\"_self pt-cv-readmore btn btn-success\" target=\"_self\">Leggi<\/a><\/div><\/div><\/div>\n<div class=\"col-md-12 col-sm-6 col-xs-12 pt-cv-content-item pt-cv-1-col\" ><div class='pt-cv-ifield'><a href=\"http:\/\/www.osservatoriodiscriminazioni.org\/index.php\/2024\/10\/18\/discriminazione-disabilita-tribunale-di-latina-ordinanza-del-29-giungo-2023\/\" class=\"_self pt-cv-href-thumbnail pt-cv-thumb-default\" target=\"_self\" ><img width=\"200\" height=\"300\" src=\"http:\/\/www.osservatoriodiscriminazioni.org\/wp-content\/uploads\/2024\/10\/pexels-ann-h-45017-3095954-200x300.jpg\" class=\"pt-cv-thumbnail\" alt=\"Discriminazione disabilit\u00e0, Tribunale di Latina, ordinanza del 29 giungo 2023\" srcset=\"http:\/\/www.osservatoriodiscriminazioni.org\/wp-content\/uploads\/2024\/10\/pexels-ann-h-45017-3095954-200x300.jpg 200w, http:\/\/www.osservatoriodiscriminazioni.org\/wp-content\/uploads\/2024\/10\/pexels-ann-h-45017-3095954-683x1024.jpg 683w, http:\/\/www.osservatoriodiscriminazioni.org\/wp-content\/uploads\/2024\/10\/pexels-ann-h-45017-3095954-768x1152.jpg 768w, http:\/\/www.osservatoriodiscriminazioni.org\/wp-content\/uploads\/2024\/10\/pexels-ann-h-45017-3095954-1024x1536.jpg 1024w, http:\/\/www.osservatoriodiscriminazioni.org\/wp-content\/uploads\/2024\/10\/pexels-ann-h-45017-3095954-1365x2048.jpg 1365w, http:\/\/www.osservatoriodiscriminazioni.org\/wp-content\/uploads\/2024\/10\/pexels-ann-h-45017-3095954-scaled.jpg 1707w\" sizes=\"(max-width: 200px) 100vw, 200px\" \/><\/a>\n<h4 class=\"pt-cv-title\"><a href=\"http:\/\/www.osservatoriodiscriminazioni.org\/index.php\/2024\/10\/18\/discriminazione-disabilita-tribunale-di-latina-ordinanza-del-29-giungo-2023\/\" class=\"_self\" target=\"_self\" >Discriminazione disabilit\u00e0, Tribunale di Latina, ordinanza del 29 giugno 2023<\/a><\/h4>\n<div class=\"pt-cv-content\">IL TRIBUNALE ORDINARIO DI LATINA I SEZIONE CIVILE in composizione monocratica, in persona del dott. Luca Venditto, sciogliendo la riserva assunta all\u2019udienza del 18\/06\/2023, ha pronunciato la seguente ORDINANZA sul ricorso proposto ai sensi dell\u2019art. 702-bis c.p.c. da [OMISSIS], nella qualit\u00e0 di genitori esercenti la responsabilit\u00e0 genitoriale sulla figlia minore [OMISSIS], e [OMISSIS], quale genitore esercente la responsabilit\u00e0 genitoriale sul figlio minore [OMISSIS], elettivamente domiciliati in via Carducci n.7 - ...<br \/><a href=\"http:\/\/www.osservatoriodiscriminazioni.org\/index.php\/2024\/10\/18\/discriminazione-disabilita-tribunale-di-latina-ordinanza-del-29-giungo-2023\/\" class=\"_self pt-cv-readmore btn btn-success\" target=\"_self\">Leggi<\/a><\/div><\/div><\/div>\n<div class=\"col-md-12 col-sm-6 col-xs-12 pt-cv-content-item pt-cv-1-col\" ><div class='pt-cv-ifield'><a href=\"http:\/\/www.osservatoriodiscriminazioni.org\/index.php\/2024\/10\/03\/diniego-congedo-parentale-discriminazione-di-genere-tribunale-di-grosseto-sentenza-del-14-febbraio-2024\/\" class=\"_self pt-cv-href-thumbnail pt-cv-thumb-default\" target=\"_self\" ><img width=\"300\" height=\"200\" src=\"http:\/\/www.osservatoriodiscriminazioni.org\/wp-content\/uploads\/2024\/10\/pexels-gerzonpinatamx-9405477-300x200.jpg\" class=\"pt-cv-thumbnail\" alt=\"Diniego congedo parentale, discriminazione di genere, Tribunale di Grosseto, sentenza del 14 febbraio 2024\" srcset=\"http:\/\/www.osservatoriodiscriminazioni.org\/wp-content\/uploads\/2024\/10\/pexels-gerzonpinatamx-9405477-300x200.jpg 300w, http:\/\/www.osservatoriodiscriminazioni.org\/wp-content\/uploads\/2024\/10\/pexels-gerzonpinatamx-9405477-1024x683.jpg 1024w, http:\/\/www.osservatoriodiscriminazioni.org\/wp-content\/uploads\/2024\/10\/pexels-gerzonpinatamx-9405477-768x512.jpg 768w, http:\/\/www.osservatoriodiscriminazioni.org\/wp-content\/uploads\/2024\/10\/pexels-gerzonpinatamx-9405477-1536x1024.jpg 1536w, http:\/\/www.osservatoriodiscriminazioni.org\/wp-content\/uploads\/2024\/10\/pexels-gerzonpinatamx-9405477-2048x1365.jpg 2048w\" sizes=\"(max-width: 300px) 100vw, 300px\" \/><\/a>\n<h4 class=\"pt-cv-title\"><a href=\"http:\/\/www.osservatoriodiscriminazioni.org\/index.php\/2024\/10\/03\/diniego-congedo-parentale-discriminazione-di-genere-tribunale-di-grosseto-sentenza-del-14-febbraio-2024\/\" class=\"_self\" target=\"_self\" >Diniego congedo parentale, discriminazione di genere, Tribunale di Grosseto, sentenza del 14 febbraio 2024<\/a><\/h4>\n<div class=\"pt-cv-content\">REPUBBLICA ITALIANA IN NOME DEL POPOLO ITALIANO IL TRIBUNALE DI GROSSETO in persona del Giudice, all'udienza del 13 febbraio 2024, sostituita dal deposito delle note scritte ai sensi dell'art. 127 ter cpc., ha pronunciato la seguente SE N T E N Z A nella causa civile iscritta al n. 230 del \u2026 dell'anno 2023, cui \u00e8 stata riunita la causa n. 231\/23, vertente TRA ### C.F. ###, nata a ### ...<br \/><a href=\"http:\/\/www.osservatoriodiscriminazioni.org\/index.php\/2024\/10\/03\/diniego-congedo-parentale-discriminazione-di-genere-tribunale-di-grosseto-sentenza-del-14-febbraio-2024\/\" class=\"_self pt-cv-readmore btn btn-success\" target=\"_self\">Leggi<\/a><\/div><\/div><\/div><\/div><\/div>\n<div class=\" pt-cv-pagination-wrapper\"><ul class=\"pt-cv-pagination pt-cv-ajax pagination\" data-totalpages=\"27\" data-currentpage=\"1\" data-sid=\"0d79d55t2p\" data-unid=\"\"><li class=\"active\"><a href=\"#\">1<\/a><\/li>\n\t<li ><a class=\"\" href=\"http:\/\/www.osservatoriodiscriminazioni.org\/index.php\/wp-json\/wp\/v2\/pages\/9\/?_page=2\">2<\/a><\/li>\n\t<li ><a class=\"\" href=\"http:\/\/www.osservatoriodiscriminazioni.org\/index.php\/wp-json\/wp\/v2\/pages\/9\/?_page=3\">3<\/a><\/li>\n\t<li ><a href=\"#\">&hellip;<\/a><\/li>\n\t<li ><a class=\"\" href=\"http:\/\/www.osservatoriodiscriminazioni.org\/index.php\/wp-json\/wp\/v2\/pages\/9\/?_page=27\">27<\/a><\/li>\n\t<li ><a class=\" \" href=\"http:\/\/www.osservatoriodiscriminazioni.org\/index.php\/wp-json\/wp\/v2\/pages\/9\/?_page=2\">&rsaquo;<\/a><\/li>\n\t<\/ul><img width=\"15\" height=\"15\" class=\"pt-cv-spinner\" alt=\"Loading...\" src=\"data:image\/gif;base64,R0lGODlhDwAPALMPAMrKygwMDJOTkz09PZWVla+vr3p6euTk5M7OzuXl5TMzMwAAAJmZmWZmZszMzP\/\/\/yH\/C05FVFNDQVBFMi4wAwEAAAAh+QQFCgAPACwAAAAADwAPAAAEQvDJaZaZOIcV8iQK8VRX4iTYoAwZ4iCYoAjZ4RxejhVNoT+mRGP4cyF4Pp0N98sBGIBMEMOotl6YZ3S61Bmbkm4mAgAh+QQFCgAPACwAAAAADQANAAAENPDJSRSZeA418itN8QiK8BiLITVsFiyBBIoYqnoewAD4xPw9iY4XLGYSjkQR4UAUD45DLwIAIfkEBQoADwAsAAAAAA8ACQAABC\/wyVlamTi3nSdgwFNdhEJgTJoNyoB9ISYoQmdjiZPcj7EYCAeCF1gEDo4Dz2eIAAAh+QQFCgAPACwCAAAADQANAAAEM\/DJBxiYeLKdX3IJZT1FU0iIg2RNKx3OkZVnZ98ToRD4MyiDnkAh6BkNC0MvsAj0kMpHBAAh+QQFCgAPACwGAAAACQAPAAAEMDC59KpFDll73HkAA2wVY5KgiK5b0RRoI6MuzG6EQqCDMlSGheEhUAgqgUUAFRySIgAh+QQFCgAPACwCAAIADQANAAAEM\/DJKZNLND\/kkKaHc3xk+QAMYDKsiaqmZCxGVjSFFCxB1vwy2oOgIDxuucxAMTAJFAJNBAAh+QQFCgAPACwAAAYADwAJAAAEMNAs86q1yaWwwv2Ig0jUZx3OYa4XoRAfwADXoAwfo1+CIjyFRuEho60aSNYlOPxEAAAh+QQFCgAPACwAAAIADQANAAAENPA9s4y8+IUVcqaWJ4qEQozSoAzoIyhCK2NFU2SJk0hNnyEOhKR2AzAAj4Pj4GE4W0bkJQIAOw==\" \/><div class=\"clear pt-cv-clear-pagination\"><\/div><\/div><\/div>\n","protected":false},"excerpt":{"rendered":"<p>Archivio Sentenze Sono presenti nell&#8217;archivio dell&#8217;osservatorio sentenze sulle discriminazioni di primo grado, di appello e cassazione. Riempi il campo &#8220;ricerca&#8221;<\/p>\n","protected":false},"author":1,"featured_media":0,"parent":0,"menu_order":10,"comment_status":"closed","ping_status":"closed","template":"","meta":[],"yoast_head":"<!-- This site is optimized with the Yoast SEO plugin v16.1.1 - https:\/\/yoast.com\/wordpress\/plugins\/seo\/ -->\n<title>Sentenze sulle discriminazioni - Osservatorio Sulle Discriminazioni<\/title>\n<meta name=\"description\" content=\"Archivio di tutte le sentenze sulle discriminazioni di primo grado, appello e cassazione pubblicate dall&#039;Osservatorio sulle Discriminazioni\" \/>\n<link rel=\"canonical\" href=\"http:\/\/www.osservatoriodiscriminazioni.org\/index.php\/sentenze-discriminazioni\/\" \/>\n<meta property=\"og:locale\" content=\"it_IT\" \/>\n<meta property=\"og:type\" content=\"article\" \/>\n<meta property=\"og:title\" content=\"Sentenze sulle discriminazioni - Osservatorio Sulle Discriminazioni\" \/>\n<meta property=\"og:description\" content=\"Archivio di tutte le sentenze sulle discriminazioni di primo grado, appello e cassazione pubblicate dall&#039;Osservatorio sulle Discriminazioni\" \/>\n<meta property=\"og:url\" content=\"http:\/\/www.osservatoriodiscriminazioni.org\/index.php\/sentenze-discriminazioni\/\" \/>\n<meta property=\"og:site_name\" content=\"Osservatorio Sulle Discriminazioni\" \/>\n<meta property=\"article:publisher\" content=\"https:\/\/www.facebook.com\/osservatoriodiscriminaz\" \/>\n<meta property=\"article:modified_time\" content=\"2017-01-30T22:34:17+00:00\" \/>\n<meta name=\"twitter:card\" content=\"summary\" \/>\n<meta name=\"twitter:site\" content=\"@ossdiscriminaz\" \/>\n<script type=\"application\/ld+json\" class=\"yoast-schema-graph\">{\"@context\":\"https:\/\/schema.org\",\"@graph\":[{\"@type\":\"WebSite\",\"@id\":\"http:\/\/www.osservatoriodiscriminazioni.org\/#website\",\"url\":\"http:\/\/www.osservatoriodiscriminazioni.org\/\",\"name\":\"Osservatorio Sulle Discriminazioni\",\"description\":\"Monitoraggio della giurisprudenza italiana in tema di diritto antidiscriminatorio\",\"potentialAction\":[{\"@type\":\"SearchAction\",\"target\":\"http:\/\/www.osservatoriodiscriminazioni.org\/?s={search_term_string}\",\"query-input\":\"required name=search_term_string\"}],\"inLanguage\":\"it-IT\"},{\"@type\":\"WebPage\",\"@id\":\"http:\/\/www.osservatoriodiscriminazioni.org\/index.php\/sentenze-discriminazioni\/#webpage\",\"url\":\"http:\/\/www.osservatoriodiscriminazioni.org\/index.php\/sentenze-discriminazioni\/\",\"name\":\"Sentenze sulle discriminazioni - Osservatorio Sulle Discriminazioni\",\"isPartOf\":{\"@id\":\"http:\/\/www.osservatoriodiscriminazioni.org\/#website\"},\"datePublished\":\"2015-08-31T21:47:22+00:00\",\"dateModified\":\"2017-01-30T22:34:17+00:00\",\"description\":\"Archivio di tutte le sentenze sulle discriminazioni di primo grado, appello e cassazione pubblicate dall'Osservatorio sulle Discriminazioni\",\"breadcrumb\":{\"@id\":\"http:\/\/www.osservatoriodiscriminazioni.org\/index.php\/sentenze-discriminazioni\/#breadcrumb\"},\"inLanguage\":\"it-IT\",\"potentialAction\":[{\"@type\":\"ReadAction\",\"target\":[\"http:\/\/www.osservatoriodiscriminazioni.org\/index.php\/sentenze-discriminazioni\/\"]}]},{\"@type\":\"BreadcrumbList\",\"@id\":\"http:\/\/www.osservatoriodiscriminazioni.org\/index.php\/sentenze-discriminazioni\/#breadcrumb\",\"itemListElement\":[{\"@type\":\"ListItem\",\"position\":1,\"item\":{\"@type\":\"WebPage\",\"@id\":\"http:\/\/www.osservatoriodiscriminazioni.org\/\",\"url\":\"http:\/\/www.osservatoriodiscriminazioni.org\/\",\"name\":\"Home\"}},{\"@type\":\"ListItem\",\"position\":2,\"item\":{\"@type\":\"WebPage\",\"@id\":\"http:\/\/www.osservatoriodiscriminazioni.org\/index.php\/sentenze-discriminazioni\/\",\"url\":\"http:\/\/www.osservatoriodiscriminazioni.org\/index.php\/sentenze-discriminazioni\/\",\"name\":\"Sentenze sulle discriminazioni\"}}]}]}<\/script>\n<!-- \/ Yoast SEO plugin. -->","_links":{"self":[{"href":"http:\/\/www.osservatoriodiscriminazioni.org\/index.php\/wp-json\/wp\/v2\/pages\/9"}],"collection":[{"href":"http:\/\/www.osservatoriodiscriminazioni.org\/index.php\/wp-json\/wp\/v2\/pages"}],"about":[{"href":"http:\/\/www.osservatoriodiscriminazioni.org\/index.php\/wp-json\/wp\/v2\/types\/page"}],"author":[{"embeddable":true,"href":"http:\/\/www.osservatoriodiscriminazioni.org\/index.php\/wp-json\/wp\/v2\/users\/1"}],"replies":[{"embeddable":true,"href":"http:\/\/www.osservatoriodiscriminazioni.org\/index.php\/wp-json\/wp\/v2\/comments?post=9"}],"version-history":[{"count":20,"href":"http:\/\/www.osservatoriodiscriminazioni.org\/index.php\/wp-json\/wp\/v2\/pages\/9\/revisions"}],"predecessor-version":[{"id":1645,"href":"http:\/\/www.osservatoriodiscriminazioni.org\/index.php\/wp-json\/wp\/v2\/pages\/9\/revisions\/1645"}],"wp:attachment":[{"href":"http:\/\/www.osservatoriodiscriminazioni.org\/index.php\/wp-json\/wp\/v2\/media?parent=9"}],"curies":[{"name":"wp","href":"https:\/\/api.w.org\/{rel}","templated":true}]}}